{"id":2809,"date":"2021-01-16T01:00:00","date_gmt":"2021-01-16T01:00:00","guid":{"rendered":"https:\/\/pressaosonora.maisbaixo.com\/?post_type=podcast&#038;p=2809"},"modified":"2021-02-13T18:18:08","modified_gmt":"2021-02-13T18:18:08","slug":"mbps132-produtores-portugueses","status":"publish","type":"podcast","link":"https:\/\/pressaosonora.maisbaixo.com\/en\/podcast\/mbps132-produtores-portugueses\/","title":{"rendered":"#MBPS132 <br><small>Portuguese Producers<\/small>"},"content":{"rendered":"<p> <\/p>\n\n\n<h4 style=\"text-align: center;\"><strong>TRACKLIST<\/strong><\/h4>\n\n\n<figure class=\"wp-block-table aligncenter is-style-regular\"><table><tbody><tr><td>\n\t\n\t\t\n<a href=\"\" target=\"_blank\" style=\"color: #fff;\" rel=\"noopener\"><strong>Devious<\/strong><\/a>\n<a href=\"\" target=\"_blank\" style=\"color: #b8b8b8;\" rel=\"noopener\"> &#8211; Untitled<\/a><\/td><td>\n<a href=\"https:\/\/soundcloud.com\/deviousofficial | https:\/\/soundcloud.com\/deviousofficial\" target=\"_blank\" style=\"color: #fff;\" rel=\"noopener\">Unreleased<\/a><\/td><\/tr><tr><td>\n\n<a href=\"\" target=\"_blank\" style=\"color: #fff;\" rel=\"noopener\"><strong>Freud<\/strong><\/a>\n<a href=\"\" target=\"_blank\" style=\"color: #b8b8b8;\" rel=\"noopener\"> &#8211; Irie Dub<\/a><\/td><td>\n<a href=\"https:\/\/soundcloud.com\/fred-canelas | https:\/\/soundcloud.com\/fred-canelas\" target=\"_blank\" style=\"color: #fff;\" rel=\"noopener\">Unreleased<\/a><\/td><\/tr><tr><td>\n\n<a href=\"\" target=\"_blank\" style=\"color: #fff;\" rel=\"noopener\"><strong>Riot<\/strong><\/a>\n<a href=\"\" target=\"_blank\" style=\"color: #b8b8b8;\" rel=\"noopener\"> &#8211; Mermaid Dub<\/a><\/td><td>\n<a href=\"https:\/\/www.beatport.com\/track\/mermaid-dub-original-mix\/982468 | https:\/\/www.facebook.com\/Faster-Music-145949008784237\" target=\"_blank\" style=\"color: #fff;\" rel=\"noopener\">Faster Music<\/a><\/td><\/tr><tr><td>\n\n<a href=\"\" target=\"_blank\" style=\"color: #fff;\" rel=\"noopener\"><strong>A2P<\/strong><\/a>\n<a href=\"\" target=\"_blank\" style=\"color: #b8b8b8;\" rel=\"noopener\"> &#8211; Easter Beat<\/a><\/td><td>\n<a href=\"https:\/\/www.youtube.com\/channel\/UCknub2b1DawwRYAWj7f1u-w | https:\/\/www.youtube.com\/channel\/UCknub2b1DawwRYAWj7f1u-w\" target=\"_blank\" style=\"color: #fff;\" rel=\"noopener\">Unreleased<\/a><\/td><\/tr><tr><td>\n\n<a href=\"\" target=\"_blank\" style=\"color: #fff;\" rel=\"noopener\"><strong>Futuristic Waves<\/strong><\/a>\n<a href=\"\" target=\"_blank\" style=\"color: #b8b8b8;\" rel=\"noopener\"> &#8211; French Jazz<\/a><\/td><td>\n<a href=\"https:\/\/maisbaixo.bandcamp.com\/album\/portuguese-deep-frequencies | https:\/\/maisbaixo.bandcamp.com\/\" target=\"_blank\" style=\"color: #fff;\" rel=\"noopener\">Mais Baixo<\/a><\/td><\/tr><tr><td>\n\n<a href=\"\" target=\"_blank\" style=\"color: #fff;\" rel=\"noopener\"><strong>Lesma<\/strong><\/a>\n<a href=\"\" target=\"_blank\" style=\"color: #b8b8b8;\" rel=\"noopener\"> &#8211; Daydream<\/a><\/td><td>\n<a href=\"https:\/\/maisbaixo.bandcamp.com\/album\/portuguese-deep-frequencies | https:\/\/maisbaixo.bandcamp.com\/\" target=\"_blank\" style=\"color: #fff;\" rel=\"noopener\">Mais Baixo<\/a><\/td><\/tr><tr><td>\n\n<a href=\"\" target=\"_blank\" style=\"color: #fff;\" rel=\"noopener\"><strong>Texstep<\/strong><\/a>\n<a href=\"\" target=\"_blank\" style=\"color: #b8b8b8;\" rel=\"noopener\"> &#8211; Ghosts<\/a><\/td><td>\n<a href=\"https:\/\/soundcloud.com\/infra-tribez\/texstep-ghosts?in=infra-tribez\/sets\/soundsystem-culture-volume-1 | https:\/\/www.facebook.com\/texstep\/\" target=\"_blank\" style=\"color: #fff;\" rel=\"noopener\">Infra Tribez<\/a><\/td><\/tr><tr><td>\n\n<a href=\"\" target=\"_blank\" style=\"color: #fff;\" rel=\"noopener\"><strong>YLS<\/strong><\/a>\n<a href=\"\" target=\"_blank\" style=\"color: #b8b8b8;\" rel=\"noopener\"> &#8211; Chain Reaction<\/a><\/td><td>\n<a href=\"https:\/\/soundcloud.com\/ylsmusic\/chain-reaction | https:\/\/soundcloud.com\/ylsmusic\/\" target=\"_blank\" style=\"color: #fff;\" rel=\"noopener\">Unreleased<\/a><\/td><\/tr><tr><td>\n\n<a href=\"\" target=\"_blank\" style=\"color: #fff;\" rel=\"noopener\"><strong>Neurotoxin<\/strong><\/a>\n<a href=\"\" target=\"_blank\" style=\"color: #b8b8b8;\" rel=\"noopener\"> &#8211; Syntax<\/a><\/td><td>\n<a href=\"https:\/\/soundcloud.com\/practical-recordz\/02-syntax-mp3 | https:\/\/soundcloud.com\/practical-recordz\/\" target=\"_blank\" style=\"color: #fff;\" rel=\"noopener\">Practical Recordz<\/a><\/td><\/tr><tr><td>\n\n<a href=\"\" target=\"_blank\" style=\"color: #fff;\" rel=\"noopener\"><strong>Nsekt<\/strong><\/a>\n<a href=\"\" target=\"_blank\" style=\"color: #b8b8b8;\" rel=\"noopener\"> &#8211; Pressure<\/a><\/td><td>\n<a href=\"https:\/\/maisbaixo.bandcamp.com\/album\/portuguese-deep-frequencies | https:\/\/maisbaixo.bandcamp.com\/\" target=\"_blank\" style=\"color: #fff;\" rel=\"noopener\">Mais Baixo<\/a><\/td><\/tr><tr><td>\n\n<a href=\"\" target=\"_blank\" style=\"color: #fff;\" rel=\"noopener\"><strong>Hi Fidel Cartel ft Kron<\/strong><\/a>\n<a href=\"\" target=\"_blank\" style=\"color: #b8b8b8;\" rel=\"noopener\"> &#8211; Estado Puro<\/a><\/td><td>\n<a href=\"https:\/\/soundcloud.com\/hifidelcartel\/estado-puro-feat-kron | https:\/\/soundcloud.com\/hifidelcartel\/\" target=\"_blank\" style=\"color: #fff;\" rel=\"noopener\">Self-Released<\/a><\/td><\/tr><tr><td>\n\n<a href=\"\" target=\"_blank\" style=\"color: #fff;\" rel=\"noopener\"><strong>MGDRV<\/strong><\/a>\n<a href=\"\" target=\"_blank\" style=\"color: #b8b8b8;\" rel=\"noopener\"> &#8211; Kane<\/a><\/td><td>\n<a href=\"https:\/\/mgdrv.bandcamp.com\/album\/mgdrv-ep | https:\/\/www.facebook.com\/mgdrv\" target=\"_blank\" style=\"color: #fff;\" rel=\"noopener\">Self-Released<\/a><\/td><\/tr><tr><td> <a style=\"color: #fff;\" href=\"\" target=\"_blank\" rel=\"noopener\"><strong>Mike El Nite<\/strong><\/a> <a style=\"color: #b8b8b8;\" href=\"\" target=\"_blank\" rel=\"noopener\"> &#8211; Mambo Nr 1 (<strong>Ghost Wavves<\/strong> Remix)<\/a><\/td><td>\n<a href=\"https:\/\/soundcloud.com\/mikelnite\/sets\/mambo-n-1-remix-extravaganza | https:\/\/soundcloud.com\/mikelnite\/\" target=\"_blank\" style=\"color: #fff;\" rel=\"noopener\">Self-Released<\/a><\/td><\/tr><tr><td>\n\n<a href=\"\" target=\"_blank\" style=\"color: #fff;\" rel=\"noopener\"><strong>Prof Jam<\/strong><\/a>\n<a href=\"\" target=\"_blank\" style=\"color: #b8b8b8;\" rel=\"noopener\"> &#8211; Contra Mim<\/a><\/td><td>\n<a href=\"https:\/\/www.youtube.com\/watch?v=7-gSYPbQZ9Q | https:\/\/www.facebook.com\/profjam6\" target=\"_blank\" style=\"color: #fff;\" rel=\"noopener\">Self-Released<\/a><\/td><\/tr><tr><td> <a style=\"color: #fff;\" href=\"\" target=\"_blank\" rel=\"noopener\"><strong>Chullage<\/strong><\/a> <a style=\"color: #b8b8b8;\" href=\"\" target=\"_blank\" rel=\"noopener\"> &#8211; Rhymeshit que Abala (<strong>Xxoy<\/strong> remix)<\/a><\/td><td>\n<a href=\"https:\/\/soundcloud.com\/xxiiibeats\/chullage-rhymeshit-que-abala | https:\/\/www.xxiiibeats.com\/\" target=\"_blank\" style=\"color: #fff;\" rel=\"noopener\">XXIII<\/a><\/td><\/tr><tr><td>\n\n<a href=\"\" target=\"_blank\" style=\"color: #fff;\" rel=\"noopener\"><strong>Die Von Brau<\/strong><\/a>\n<a href=\"\" target=\"_blank\" style=\"color: #b8b8b8;\" rel=\"noopener\"> &#8211; Milh\u00f5es<\/a><\/td><td>\n<a href=\"https:\/\/lisbonbass.bandcamp.com\/album\/lisbon-bass | https:\/\/lisbonbass.bandcamp.com\/\" target=\"_blank\" style=\"color: #fff;\" rel=\"noopener\">Adam &amp; Liza Music<\/a><\/td><\/tr><\/tbody><\/table><\/figure>\n\n\n\n<hr class=\"wp-block-separator is-style-wide\"\/>\n\n\n<h4><strong>PLAYLIST VIDEOS&nbsp; &nbsp;&nbsp;<\/strong><a href=\"https:\/\/www.youtube.com\/user\/maisbaixopt\/playlists?view=50&amp;sort=dd&amp;shelf_id=1\" target=\"_blank\" rel=\"noopener\"><img style=\"width: 42px; height: 42px; border: 0;\" src=\"https:\/\/pressaosonora.maisbaixo.com\/wp-content\/uploads\/2021\/02\/yt-icon.png\" alt=\"Youtube Playlist\" class=\"no-lazyload\"> <\/a><\/h4>\n\n<div class=\"epyt-gallery\" data-currpage=\"1\" id=\"epyt_gallery_66318\"><iframe loading=\"lazy\"  id=\"_ytid_61421\"  width=\"1400\" height=\"788\"  data-origwidth=\"1400\" data-origheight=\"788\"  data-relstop=\"1\" src=\"https:\/\/www.youtube.com\/embed\/sr1lNLU9F_Y?enablejsapi=1&#038;origin=https:\/\/pressaosonora.maisbaixo.com&#038;autoplay=0&#038;cc_load_policy=0&#038;cc_lang_pref=&#038;iv_load_policy=3&#038;loop=0&#038;rel=0&#038;fs=1&#038;playsinline=0&#038;autohide=2&#038;theme=dark&#038;color=white&#038;controls=1&#038;disablekb=0&#038;\" class=\"__youtube_prefs__  no-lazyload\" title=\"YouTube player\"  data-epytgalleryid=\"epyt_gallery_66318\"  allow=\"fullscreen; accelerometer; autoplay; clipboard-write; encrypted-media; gyroscope; picture-in-picture; web-share\" referrerpolicy=\"strict-origin-when-cross-origin\" allowfullscreen data-no-lazy=\"1\" data-skipgform_ajax_framebjll=\"\"><\/iframe><div class=\"epyt-gallery-list\"><div class=\"epyt-pagination\"><div tabindex=\"0\" role=\"button\" class=\"epyt-pagebutton epyt-prev  hide\" data-playlistid=\"PLtjGNLOJpp4V_zMXNfCMZVF-GMibxmBrg\" data-pagesize=\"12\" data-pagetoken=\"\" data-epcolumns=\"4\" data-showtitle=\"1\" data-showpaging=\"1\" data-autonext=\"1\" data-thumbplay=\"1\"><div class=\"epyt-arrow\">&laquo;<\/div> <div>Prev<\/div><\/div><div class=\"epyt-pagenumbers hide\"><div class=\"epyt-current\">1<\/div><div class=\"epyt-pageseparator\"> \/ <\/div><div class=\"epyt-totalpages\">1<\/div><\/div><div tabindex=\"0\" role=\"button\" class=\"epyt-pagebutton epyt-next hide\" data-playlistid=\"PLtjGNLOJpp4V_zMXNfCMZVF-GMibxmBrg\" data-pagesize=\"12\" data-pagetoken=\"\" data-epcolumns=\"4\" data-showtitle=\"1\" data-showpaging=\"1\" data-autonext=\"1\" data-thumbplay=\"1\"><div>Next<\/div> <div class=\"epyt-arrow\">&raquo;<\/div><\/div><div class=\"epyt-loader\"><img loading=\"lazy\" alt=\"loading\" width=\"16\" height=\"11\" src=\"https:\/\/pressaosonora.maisbaixo.com\/wp-content\/plugins\/youtube-embed-plus\/images\/gallery-page-loader.gif\" class=\"no-lazyload\"><\/div><\/div><div class=\"epyt-gallery-allthumbs  epyt-cols-4\"><div tabindex=\"0\" role=\"button\" data-videoid=\"sr1lNLU9F_Y\" class=\"epyt-gallery-thumb\"><div class=\"epyt-gallery-img-box\"><div class=\"epyt-gallery-img no-lazyload\" style=\"background-image: url(https:\/\/i.ytimg.com\/vi\/sr1lNLU9F_Y\/hqdefault.jpg)\"><div class=\"epyt-gallery-playhover\"><img loading=\"lazy\" alt=\"play\" class=\"epyt-play-img no-lazyload\" width=\"30\" height=\"23\" src=\"https:\/\/pressaosonora.maisbaixo.com\/wp-content\/plugins\/youtube-embed-plus\/images\/playhover.png\" data-no-lazy=\"1\" data-skipgform_ajax_framebjll=\"\" \/><div class=\"epyt-gallery-playcrutch\"><\/div><\/div><\/div><\/div><div class=\"epyt-gallery-title\">Mermaid Dub (Original)<\/div><\/div><div tabindex=\"0\" role=\"button\" data-videoid=\"E0-HEzZgb_Y\" class=\"epyt-gallery-thumb\"><div class=\"epyt-gallery-img-box\"><div class=\"epyt-gallery-img no-lazyload\" style=\"background-image: url(https:\/\/i.ytimg.com\/vi\/E0-HEzZgb_Y\/hqdefault.jpg)\"><div class=\"epyt-gallery-playhover\"><img loading=\"lazy\" alt=\"play\" class=\"epyt-play-img no-lazyload\" width=\"30\" height=\"23\" src=\"https:\/\/pressaosonora.maisbaixo.com\/wp-content\/plugins\/youtube-embed-plus\/images\/playhover.png\" data-no-lazy=\"1\" data-skipgform_ajax_framebjll=\"\" \/><div class=\"epyt-gallery-playcrutch\"><\/div><\/div><\/div><\/div><div class=\"epyt-gallery-title\">A2P &#8211; Easter Beat (Akai Apc 20 live sequence)<\/div><\/div><div tabindex=\"0\" role=\"button\" data-videoid=\"IocE0ImrD7Q\" class=\"epyt-gallery-thumb\"><div class=\"epyt-gallery-img-box\"><div class=\"epyt-gallery-img no-lazyload\" style=\"background-image: url(https:\/\/i.ytimg.com\/vi\/IocE0ImrD7Q\/hqdefault.jpg)\"><div class=\"epyt-gallery-playhover\"><img loading=\"lazy\" alt=\"play\" class=\"epyt-play-img no-lazyload\" width=\"30\" height=\"23\" src=\"https:\/\/pressaosonora.maisbaixo.com\/wp-content\/plugins\/youtube-embed-plus\/images\/playhover.png\" data-no-lazy=\"1\" data-skipgform_ajax_framebjll=\"\" \/><div class=\"epyt-gallery-playcrutch\"><\/div><\/div><\/div><\/div><div class=\"epyt-gallery-title\">Futuristic Waves &#8211; French Jazz<\/div><\/div><div tabindex=\"0\" role=\"button\" data-videoid=\"NqwLFp1apM0\" class=\"epyt-gallery-thumb\"><div class=\"epyt-gallery-img-box\"><div class=\"epyt-gallery-img no-lazyload\" style=\"background-image: url(https:\/\/i.ytimg.com\/vi\/NqwLFp1apM0\/hqdefault.jpg)\"><div class=\"epyt-gallery-playhover\"><img loading=\"lazy\" alt=\"play\" class=\"epyt-play-img no-lazyload\" width=\"30\" height=\"23\" src=\"https:\/\/pressaosonora.maisbaixo.com\/wp-content\/plugins\/youtube-embed-plus\/images\/playhover.png\" data-no-lazy=\"1\" data-skipgform_ajax_framebjll=\"\" \/><div class=\"epyt-gallery-playcrutch\"><\/div><\/div><\/div><\/div><div class=\"epyt-gallery-title\">Lesma &#8211; Daydream<\/div><\/div><div class=\"epyt-gallery-rowbreak\"><\/div><div tabindex=\"0\" role=\"button\" data-videoid=\"8HH8yypU4cs\" class=\"epyt-gallery-thumb\"><div class=\"epyt-gallery-img-box\"><div class=\"epyt-gallery-img no-lazyload\" style=\"background-image: url(https:\/\/i.ytimg.com\/vi\/8HH8yypU4cs\/hqdefault.jpg)\"><div class=\"epyt-gallery-playhover\"><img loading=\"lazy\" alt=\"play\" class=\"epyt-play-img no-lazyload\" width=\"30\" height=\"23\" src=\"https:\/\/pressaosonora.maisbaixo.com\/wp-content\/plugins\/youtube-embed-plus\/images\/playhover.png\" data-no-lazy=\"1\" data-skipgform_ajax_framebjll=\"\" \/><div class=\"epyt-gallery-playcrutch\"><\/div><\/div><\/div><\/div><div class=\"epyt-gallery-title\">Texstep &#8211; Ghosts<\/div><\/div><div tabindex=\"0\" role=\"button\" data-videoid=\"B5lJY-ZC8ZQ\" class=\"epyt-gallery-thumb\"><div class=\"epyt-gallery-img-box\"><div class=\"epyt-gallery-img no-lazyload\" style=\"background-image: url(https:\/\/i.ytimg.com\/vi\/B5lJY-ZC8ZQ\/hqdefault.jpg)\"><div class=\"epyt-gallery-playhover\"><img loading=\"lazy\" alt=\"play\" class=\"epyt-play-img no-lazyload\" width=\"30\" height=\"23\" src=\"https:\/\/pressaosonora.maisbaixo.com\/wp-content\/plugins\/youtube-embed-plus\/images\/playhover.png\" data-no-lazy=\"1\" data-skipgform_ajax_framebjll=\"\" \/><div class=\"epyt-gallery-playcrutch\"><\/div><\/div><\/div><\/div><div class=\"epyt-gallery-title\">Nsekt &#8211; Pressure<\/div><\/div><div tabindex=\"0\" role=\"button\" data-videoid=\"4V4wkKQmQYM\" class=\"epyt-gallery-thumb\"><div class=\"epyt-gallery-img-box\"><div class=\"epyt-gallery-img no-lazyload\" style=\"background-image: url(https:\/\/i.ytimg.com\/vi\/4V4wkKQmQYM\/hqdefault.jpg)\"><div class=\"epyt-gallery-playhover\"><img loading=\"lazy\" alt=\"play\" class=\"epyt-play-img no-lazyload\" width=\"30\" height=\"23\" src=\"https:\/\/pressaosonora.maisbaixo.com\/wp-content\/plugins\/youtube-embed-plus\/images\/playhover.png\" data-no-lazy=\"1\" data-skipgform_ajax_framebjll=\"\" \/><div class=\"epyt-gallery-playcrutch\"><\/div><\/div><\/div><\/div><div class=\"epyt-gallery-title\">Hi Fidel Cartel &#8211; Estado Puro (feat. Kron)<\/div><\/div><div tabindex=\"0\" role=\"button\" data-videoid=\"7is8BPqqFU0\" class=\"epyt-gallery-thumb\"><div class=\"epyt-gallery-img-box\"><div class=\"epyt-gallery-img no-lazyload\" style=\"background-image: url(https:\/\/i.ytimg.com\/vi\/7is8BPqqFU0\/hqdefault.jpg)\"><div class=\"epyt-gallery-playhover\"><img loading=\"lazy\" alt=\"play\" class=\"epyt-play-img no-lazyload\" width=\"30\" height=\"23\" src=\"https:\/\/pressaosonora.maisbaixo.com\/wp-content\/plugins\/youtube-embed-plus\/images\/playhover.png\" data-no-lazy=\"1\" data-skipgform_ajax_framebjll=\"\" \/><div class=\"epyt-gallery-playcrutch\"><\/div><\/div><\/div><\/div><div class=\"epyt-gallery-title\">MGDRV &#8211; Kane<\/div><\/div><div class=\"epyt-gallery-rowbreak\"><\/div><div tabindex=\"0\" role=\"button\" data-videoid=\"03QjF21fywI\" class=\"epyt-gallery-thumb\"><div class=\"epyt-gallery-img-box\"><div class=\"epyt-gallery-img no-lazyload\" style=\"background-image: url(https:\/\/i.ytimg.com\/vi\/03QjF21fywI\/hqdefault.jpg)\"><div class=\"epyt-gallery-playhover\"><img loading=\"lazy\" alt=\"play\" class=\"epyt-play-img no-lazyload\" width=\"30\" height=\"23\" src=\"https:\/\/pressaosonora.maisbaixo.com\/wp-content\/plugins\/youtube-embed-plus\/images\/playhover.png\" data-no-lazy=\"1\" data-skipgform_ajax_framebjll=\"\" \/><div class=\"epyt-gallery-playcrutch\"><\/div><\/div><\/div><\/div><div class=\"epyt-gallery-title\">Mike El Nite &#8211; Mambo N\u00ba1 Feat. Profjam &amp; Ghos\u2020 W\u0394vvves &#8211; Lusco Fusco #1<\/div><\/div><div tabindex=\"0\" role=\"button\" data-videoid=\"LCKkcarhypU\" class=\"epyt-gallery-thumb\"><div class=\"epyt-gallery-img-box\"><div class=\"epyt-gallery-img no-lazyload\" style=\"background-image: url(https:\/\/i.ytimg.com\/vi\/LCKkcarhypU\/hqdefault.jpg)\"><div class=\"epyt-gallery-playhover\"><img loading=\"lazy\" alt=\"play\" class=\"epyt-play-img no-lazyload\" width=\"30\" height=\"23\" src=\"https:\/\/pressaosonora.maisbaixo.com\/wp-content\/plugins\/youtube-embed-plus\/images\/playhover.png\" data-no-lazy=\"1\" data-skipgform_ajax_framebjll=\"\" \/><div class=\"epyt-gallery-playcrutch\"><\/div><\/div><\/div><\/div><div class=\"epyt-gallery-title\">ProfJam &#8211; Contra Mim (Single Mixtape TBBT) [Video Oficial]<\/div><\/div><div tabindex=\"0\" role=\"button\" data-videoid=\"kfYE_hPssmY\" class=\"epyt-gallery-thumb\"><div class=\"epyt-gallery-img-box\"><div class=\"epyt-gallery-img no-lazyload\" style=\"background-image: url(https:\/\/i.ytimg.com\/vi\/kfYE_hPssmY\/hqdefault.jpg)\"><div class=\"epyt-gallery-playhover\"><img loading=\"lazy\" alt=\"play\" class=\"epyt-play-img no-lazyload\" width=\"30\" height=\"23\" src=\"https:\/\/pressaosonora.maisbaixo.com\/wp-content\/plugins\/youtube-embed-plus\/images\/playhover.png\" data-no-lazy=\"1\" data-skipgform_ajax_framebjll=\"\" \/><div class=\"epyt-gallery-playcrutch\"><\/div><\/div><\/div><\/div><div class=\"epyt-gallery-title\">Die Von Brau &#8211; Milh\u00f5es<\/div><\/div><div class=\"epyt-gallery-clear\"><\/div><\/div><div class=\"epyt-pagination\"><div tabindex=\"0\" role=\"button\" class=\"epyt-pagebutton epyt-prev  hide\" data-playlistid=\"PLtjGNLOJpp4V_zMXNfCMZVF-GMibxmBrg\" data-pagesize=\"12\" data-pagetoken=\"\" data-epcolumns=\"4\" data-showtitle=\"1\" data-showpaging=\"1\" data-autonext=\"1\" data-thumbplay=\"1\"><div class=\"epyt-arrow\">&laquo;<\/div> <div>Prev<\/div><\/div><div class=\"epyt-pagenumbers hide\"><div class=\"epyt-current\">1<\/div><div class=\"epyt-pageseparator\"> \/ <\/div><div class=\"epyt-totalpages\">1<\/div><\/div><div tabindex=\"0\" role=\"button\" class=\"epyt-pagebutton epyt-next hide\" data-playlistid=\"PLtjGNLOJpp4V_zMXNfCMZVF-GMibxmBrg\" data-pagesize=\"12\" data-pagetoken=\"\" data-epcolumns=\"4\" data-showtitle=\"1\" data-showpaging=\"1\" data-autonext=\"1\" data-thumbplay=\"1\"><div>Next<\/div> <div class=\"epyt-arrow\">&raquo;<\/div><\/div><div class=\"epyt-loader\"><img loading=\"lazy\" alt=\"loading\" width=\"16\" height=\"11\" src=\"https:\/\/pressaosonora.maisbaixo.com\/wp-content\/plugins\/youtube-embed-plus\/images\/gallery-page-loader.gif\" class=\"no-lazyload\"><\/div><\/div><\/div><\/div>\n\n<p><\/p>","protected":false},"excerpt":{"rendered":"<p><b>Devious<\/b> &#8211; Untitled <small><i>[Unreleased]<\/i><\/small><br \/>\n<b>Freud<\/b> &#8211; Irie Dub <small><i>[Unreleased]<\/i><\/small><br \/>\n<b>Riot<\/b> &#8211; Mermaid Dub <small><i>[Faster Music]<\/i><\/small><br \/>\n<b>A2P<\/b> &#8211; Easter Beat <small><i>[Unreleased]<\/i><\/small><br \/>\n<b>Futuristic Waves<\/b> &#8211; French Jazz <small><i>[Mais Baixo]<\/i><\/small><br \/>\n<b>Lesma<\/b> &#8211; Daydream <small><i>[Mais Baixo]<\/i><\/small><br \/>\n<b>Texstep<\/b> &#8211; Ghosts <small><i>[Infra Tribez]<\/i><\/small><br \/>\n<b>YLS<\/b> &#8211; Chain Reaction <small><i>[Unreleased]<\/i><\/small><br \/>\n<b>Neurotoxin<\/b> &#8211; Syntax <small><i>[Practical Recordz]<\/i><\/small><br \/>\n<b>Nsekt<\/b> &#8211; Pressure <small><i>[Mais Baixo]<\/i><\/small><br \/>\n<b>Hi Fidel Cartel ft Kron<\/b> &#8211; Estado Puro <small><i>[Self-Released]<\/i><\/small><br \/>\n<b>MGDRV<\/b> &#8211; Kane <small><i>[Self-Released]<\/i><\/small><br \/>\n<b>Mike El Nite<\/b> &#8211; Mambo Nr 1 (<b>Ghost Wavves<\/b> Remix) <small><i>[Self-Released]<\/i><\/small><br \/>\n<b>Prof Jam<\/b> &#8211; Contra Mim <small><i>[Self-Released]<\/i><\/small><br \/>\n<b>Chullage<\/b> &#8211; Rhymeshit que Abala (<b>Xxoy<\/b> remix) <small><i>[XXIII]<\/i><\/small><br \/>\n<b>Die Von Brau<\/b> &#8211; Milh\u00f5es <small><i>[Adam &#038; Liza Music]<\/i><\/small><\/p>","protected":false},"author":1,"featured_media":2811,"menu_order":0,"comment_status":"closed","ping_status":"closed","template":"","format":"standard","meta":{"episode_type":"audio","audio_file":"https:\/\/upload.maisbaixo.com\/ficheiros\/Finais\/PressaoSonora_132.mp3","cover_image":"","cover_image_id":"","duration":"60:00","filesize":"137.33M","date_recorded":"","explicit":"","block":"","itunes_episode_number":"132","itunes_title":"#MBPS132 - Produtores Portugueses","itunes_season_number":"","itunes_episode_type":"full","filesize_raw":"144002105"},"tags":[34,39,38],"series":[49],"episode_featured_image":"https:\/\/pressaosonora.maisbaixo.com\/wp-content\/uploads\/2021\/01\/MBPS132.jpg","episode_player_image":"https:\/\/pressaosonora.maisbaixo.com\/wp-content\/uploads\/2021\/02\/PressaoSonora_MaisBaixo.jpg","download_link":"https:\/\/upload.maisbaixo.com\/ficheiros\/Finais\/PressaoSonora_132.mp3","player_link":"https:\/\/upload.maisbaixo.com\/ficheiros\/Finais\/PressaoSonora_132.mp3","audio_player":"<!--[if lt IE 9]><script>document.createElement('audio');<\/script><![endif]-->\n<audio class=\"wp-audio-shortcode\" id=\"audio-2809-1\" preload=\"none\" style=\"width: 100%;\" controls=\"controls\"><source type=\"audio\/mpeg\" src=\"https:\/\/upload.maisbaixo.com\/ficheiros\/Finais\/PressaoSonora_132.mp3?_=1\" \/><a href=\"https:\/\/upload.maisbaixo.com\/ficheiros\/Finais\/PressaoSonora_132.mp3\">https:\/\/upload.maisbaixo.com\/ficheiros\/Finais\/PressaoSonora_132.mp3<\/a><\/audio>","episode_data":{"playerMode":"dark","subscribeUrls":{"apple_podcasts":{"key":"apple_podcasts","url":"","label":"Apple Podcasts","class":"apple_podcasts","icon":"apple-podcasts.png"},"google_podcasts":{"key":"google_podcasts","url":"","label":"Google Podcasts","class":"google_podcasts","icon":"google-podcasts.png"},"listen_notes":{"key":"listen_notes","url":"","label":"Listen Notes","class":"listen_notes","icon":"listen-notes.png"},"mixcloud":{"key":"mixcloud","url":"","label":"MixCloud","class":"mixcloud","icon":"mixcloud.png"},"owltail":{"key":"owltail","url":"","label":"OwlTail","class":"owltail","icon":"owltail.png"},"podtail":{"key":"podtail","url":"","label":"Podtail","class":"podtail","icon":"podtail.png"},"rss":{"key":"rss","url":"","label":"RSS","class":"rss","icon":"rss.png"}},"rssFeedUrl":"https:\/\/pressaosonora.maisbaixo.com\/en\/feed\/podcast\/especiais","embedCode":"<blockquote class=\"wp-embedded-content\" data-secret=\"TAvHJHHsiM\"><a href=\"https:\/\/pressaosonora.maisbaixo.com\/en\/podcast\/mbps132-produtores-portugueses\/\">#MBPS132 <br><small>Produtores Portugueses<\/small><\/a><\/blockquote><iframe sandbox=\"allow-scripts\" security=\"restricted\" src=\"https:\/\/pressaosonora.maisbaixo.com\/en\/podcast\/mbps132-produtores-portugueses\/embed\/#?secret=TAvHJHHsiM\" width=\"500\" height=\"350\" title=\"&#8220;#MBPS132 &lt;br&gt;&lt;small&gt;Produtores Portugueses&lt;\/small&gt;&#8221; &#8212; Press\u00e3o Sonora (Mais Baixo) @ Radio Oxig\u00e9nio\" data-secret=\"TAvHJHHsiM\" frameborder=\"0\" marginwidth=\"0\" marginheight=\"0\" scrolling=\"no\" class=\"wp-embedded-content\"><\/iframe><script type=\"text\/javascript\">\n\/*! This file is auto-generated *\/\n!function(d,l){\"use strict\";var e=!1,o=!1;if(l.querySelector)if(d.addEventListener)e=!0;if(d.wp=d.wp||{},!d.wp.receiveEmbedMessage)if(d.wp.receiveEmbedMessage=function(e){var t=e.data;if(t)if(t.secret||t.message||t.value)if(!\/[^a-zA-Z0-9]\/.test(t.secret)){for(var r,a,i,s=l.querySelectorAll('iframe[data-secret=\"'+t.secret+'\"]'),n=l.querySelectorAll('blockquote[data-secret=\"'+t.secret+'\"]'),o=new RegExp(\"^https?:$\",\"i\"),c=0;c<n.length;c++)n[c].style.display=\"none\";for(c=0;c<s.length;c++)if(r=s[c],e.source===r.contentWindow){if(r.removeAttribute(\"style\"),\"height\"===t.message){if(1e3<(i=parseInt(t.value,10)))i=1e3;else if(~~i<200)i=200;r.height=i}if(\"link\"===t.message)if(a=l.createElement(\"a\"),i=l.createElement(\"a\"),a.href=r.getAttribute(\"src\"),i.href=t.value,o.test(i.protocol))if(i.host===a.host)if(l.activeElement===r)d.top.location.href=t.value}}},e)d.addEventListener(\"message\",d.wp.receiveEmbedMessage,!1),l.addEventListener(\"DOMContentLoaded\",t,!1),d.addEventListener(\"load\",t,!1);function t(){if(!o){o=!0;for(var e,t,r,a=-1!==navigator.appVersion.indexOf(\"MSIE 10\"),i=!!navigator.userAgent.match(\/Trident.*rv:11\\.\/),s=l.querySelectorAll(\"iframe.wp-embedded-content\"),n=0;n<s.length;n++){if(!(r=(t=s[n]).getAttribute(\"data-secret\")))r=Math.random().toString(36).substr(2,10),t.src+=\"#?secret=\"+r,t.setAttribute(\"data-secret\",r);if(a||i)(e=t.cloneNode(!0)).removeAttribute(\"security\"),t.parentNode.replaceChild(e,t);t.contentWindow.postMessage({message:\"ready\",secret:r},\"*\")}}}}(window,document);\n<\/script>\n"},"yoast_head":"<!-- This site is optimized with the Yoast SEO plugin v19.10 - https:\/\/yoast.com\/wordpress\/plugins\/seo\/ -->\n<title>#MBPS132 Produtores Portugueses - Press\u00e3o Sonora (Mais Baixo) @ Radio Oxig\u00e9nio<\/title>\n<meta name=\"description\" content=\"PRESS\u00c3O SONORA: A crew Mais Baixo na R\u00e1dio Oxig\u00e9nio. Programa Especial #132 - Produtores Portugueses\" \/>\n<meta name=\"robots\" content=\"index, follow, max-snippet:-1, max-image-preview:large, max-video-preview:-1\" \/>\n<link rel=\"canonical\" href=\"https:\/\/pressaosonora.maisbaixo.com\/en\/podcast\/mbps132-produtores-portugueses\/\" \/>\n<meta property=\"og:locale\" content=\"en_GB\" \/>\n<meta property=\"og:type\" content=\"article\" \/>\n<meta property=\"og:title\" content=\"#MBPS132 Produtores Portugueses - Press\u00e3o Sonora (Mais Baixo) @ Radio Oxig\u00e9nio\" \/>\n<meta property=\"og:description\" content=\"PRESS\u00c3O SONORA: A crew Mais Baixo na R\u00e1dio Oxig\u00e9nio. Programa Especial #132 - Produtores Portugueses\" \/>\n<meta property=\"og:url\" content=\"https:\/\/pressaosonora.maisbaixo.com\/en\/podcast\/mbps132-produtores-portugueses\/\" \/>\n<meta property=\"og:site_name\" content=\"Press\u00e3o Sonora (Mais Baixo) @ Radio Oxig\u00e9nio\" \/>\n<meta property=\"article:publisher\" content=\"https:\/\/facebook.com\/maisbaixo\" \/>\n<meta property=\"article:modified_time\" content=\"2021-02-13T18:18:08+00:00\" \/>\n<meta property=\"og:image\" content=\"https:\/\/pressaosonora.maisbaixo.com\/wp-content\/uploads\/2021\/01\/MBPS132.jpg\" \/>\n\t<meta property=\"og:image:width\" content=\"1800\" \/>\n\t<meta property=\"og:image:height\" content=\"1200\" \/>\n\t<meta property=\"og:image:type\" content=\"image\/jpeg\" \/>\n<meta name=\"twitter:card\" content=\"summary_large_image\" \/>\n<meta name=\"twitter:site\" content=\"@maisbaixopt\" \/>\n<meta name=\"twitter:label1\" content=\"Estimated reading time\" \/>\n\t<meta name=\"twitter:data1\" content=\"1 minute\" \/>\n<script type=\"application\/ld+json\" class=\"yoast-schema-graph\">{\"@context\":\"https:\/\/schema.org\",\"@graph\":[{\"@type\":\"WebPage\",\"@id\":\"https:\/\/pressaosonora.maisbaixo.com\/podcast\/mbps132-produtores-portugueses\/\",\"url\":\"https:\/\/pressaosonora.maisbaixo.com\/podcast\/mbps132-produtores-portugueses\/\",\"name\":\"#MBPS132 Produtores Portugueses - Press\u00e3o Sonora (Mais Baixo) @ Radio Oxig\u00e9nio\",\"isPartOf\":{\"@id\":\"https:\/\/pressaosonora.maisbaixo.com\/#website\"},\"datePublished\":\"2021-01-16T01:00:00+00:00\",\"dateModified\":\"2021-02-13T18:18:08+00:00\",\"description\":\"PRESS\u00c3O SONORA: A crew Mais Baixo na R\u00e1dio Oxig\u00e9nio. Programa Especial #132 - Produtores Portugueses\",\"breadcrumb\":{\"@id\":\"https:\/\/pressaosonora.maisbaixo.com\/podcast\/mbps132-produtores-portugueses\/#breadcrumb\"},\"inLanguage\":\"en-GB\",\"potentialAction\":[{\"@type\":\"ReadAction\",\"target\":[\"https:\/\/pressaosonora.maisbaixo.com\/podcast\/mbps132-produtores-portugueses\/\"]}]},{\"@type\":\"BreadcrumbList\",\"@id\":\"https:\/\/pressaosonora.maisbaixo.com\/podcast\/mbps132-produtores-portugueses\/#breadcrumb\",\"itemListElement\":[{\"@type\":\"ListItem\",\"position\":1,\"name\":\"In\u00edcio\",\"item\":\"https:\/\/pressaosonora.maisbaixo.com\/\"},{\"@type\":\"ListItem\",\"position\":2,\"name\":\"Podcast\",\"item\":\"https:\/\/pressaosonora.maisbaixo.com\/podcast\/\"},{\"@type\":\"ListItem\",\"position\":3,\"name\":\"Especiais\",\"item\":\"https:\/\/pressaosonora.maisbaixo.com\/series\/especiais\/\"},{\"@type\":\"ListItem\",\"position\":4,\"name\":\"#MBPS132 Produtores Portugueses\"}]},{\"@type\":\"WebSite\",\"@id\":\"https:\/\/pressaosonora.maisbaixo.com\/#website\",\"url\":\"https:\/\/pressaosonora.maisbaixo.com\/\",\"name\":\"Press\u00e3o Sonora (Mais Baixo) @ Radio Oxig\u00e9nio\",\"description\":\"PRESS\u00c3O SONORA: A crew Mais Baixo na R\u00e1dio Oxig\u00e9nio.\",\"publisher\":{\"@id\":\"https:\/\/pressaosonora.maisbaixo.com\/#organization\"},\"potentialAction\":[{\"@type\":\"SearchAction\",\"target\":{\"@type\":\"EntryPoint\",\"urlTemplate\":\"https:\/\/pressaosonora.maisbaixo.com\/?s={search_term_string}\"},\"query-input\":\"required name=search_term_string\"}],\"inLanguage\":\"en-GB\"},{\"@type\":\"Organization\",\"@id\":\"https:\/\/pressaosonora.maisbaixo.com\/#organization\",\"name\":\"Mais Baixo\",\"url\":\"https:\/\/pressaosonora.maisbaixo.com\/\",\"logo\":{\"@type\":\"ImageObject\",\"inLanguage\":\"en-GB\",\"@id\":\"https:\/\/pressaosonora.maisbaixo.com\/#\/schema\/logo\/image\/\",\"url\":\"https:\/\/pressaosonora.maisbaixo.com\/wp-content\/uploads\/2021\/01\/cropped-LOGO_CENTRADO_FINAL-150x150-1.gif\",\"contentUrl\":\"https:\/\/pressaosonora.maisbaixo.com\/wp-content\/uploads\/2021\/01\/cropped-LOGO_CENTRADO_FINAL-150x150-1.gif\",\"width\":150,\"height\":150,\"caption\":\"Mais Baixo\"},\"image\":{\"@id\":\"https:\/\/pressaosonora.maisbaixo.com\/#\/schema\/logo\/image\/\"},\"sameAs\":[\"https:\/\/www.instagram.com\/maisbaixo\/\",\"https:\/\/www.youtube.com\/user\/maisbaixopt\",\"https:\/\/facebook.com\/maisbaixo\",\"https:\/\/twitter.com\/maisbaixopt\"]}]}<\/script>\n<!-- \/ Yoast SEO plugin. -->","yoast_head_json":{"title":"#MBPS132 Produtores Portugueses - Press\u00e3o Sonora (Mais Baixo) @ Radio Oxig\u00e9nio","description":"PRESS\u00c3O SONORA: A crew Mais Baixo na R\u00e1dio Oxig\u00e9nio. Programa Especial #132 - Produtores Portugueses","robots":{"index":"index","follow":"follow","max-snippet":"max-snippet:-1","max-image-preview":"max-image-preview:large","max-video-preview":"max-video-preview:-1"},"canonical":"https:\/\/pressaosonora.maisbaixo.com\/en\/podcast\/mbps132-produtores-portugueses\/","og_locale":"en_GB","og_type":"article","og_title":"#MBPS132 Produtores Portugueses - Press\u00e3o Sonora (Mais Baixo) @ Radio Oxig\u00e9nio","og_description":"PRESS\u00c3O SONORA: A crew Mais Baixo na R\u00e1dio Oxig\u00e9nio. Programa Especial #132 - Produtores Portugueses","og_url":"https:\/\/pressaosonora.maisbaixo.com\/en\/podcast\/mbps132-produtores-portugueses\/","og_site_name":"Press\u00e3o Sonora (Mais Baixo) @ Radio Oxig\u00e9nio","article_publisher":"https:\/\/facebook.com\/maisbaixo","article_modified_time":"2021-02-13T18:18:08+00:00","og_image":[{"width":1800,"height":1200,"url":"https:\/\/pressaosonora.maisbaixo.com\/wp-content\/uploads\/2021\/01\/MBPS132.jpg","type":"image\/jpeg"}],"twitter_card":"summary_large_image","twitter_site":"@maisbaixopt","twitter_misc":{"Estimated reading time":"1 minute"},"schema":{"@context":"https:\/\/schema.org","@graph":[{"@type":"WebPage","@id":"https:\/\/pressaosonora.maisbaixo.com\/podcast\/mbps132-produtores-portugueses\/","url":"https:\/\/pressaosonora.maisbaixo.com\/podcast\/mbps132-produtores-portugueses\/","name":"#MBPS132 Produtores Portugueses - Press\u00e3o Sonora (Mais Baixo) @ Radio Oxig\u00e9nio","isPartOf":{"@id":"https:\/\/pressaosonora.maisbaixo.com\/#website"},"datePublished":"2021-01-16T01:00:00+00:00","dateModified":"2021-02-13T18:18:08+00:00","description":"PRESS\u00c3O SONORA: A crew Mais Baixo na R\u00e1dio Oxig\u00e9nio. Programa Especial #132 - Produtores Portugueses","breadcrumb":{"@id":"https:\/\/pressaosonora.maisbaixo.com\/podcast\/mbps132-produtores-portugueses\/#breadcrumb"},"inLanguage":"en-GB","potentialAction":[{"@type":"ReadAction","target":["https:\/\/pressaosonora.maisbaixo.com\/podcast\/mbps132-produtores-portugueses\/"]}]},{"@type":"BreadcrumbList","@id":"https:\/\/pressaosonora.maisbaixo.com\/podcast\/mbps132-produtores-portugueses\/#breadcrumb","itemListElement":[{"@type":"ListItem","position":1,"name":"In\u00edcio","item":"https:\/\/pressaosonora.maisbaixo.com\/"},{"@type":"ListItem","position":2,"name":"Podcast","item":"https:\/\/pressaosonora.maisbaixo.com\/podcast\/"},{"@type":"ListItem","position":3,"name":"Especiais","item":"https:\/\/pressaosonora.maisbaixo.com\/series\/especiais\/"},{"@type":"ListItem","position":4,"name":"#MBPS132 Produtores Portugueses"}]},{"@type":"WebSite","@id":"https:\/\/pressaosonora.maisbaixo.com\/#website","url":"https:\/\/pressaosonora.maisbaixo.com\/","name":"Press\u00e3o Sonora (Mais Baixo) @ Radio Oxig\u00e9nio","description":"PRESS\u00c3O SONORA: A crew Mais Baixo na R\u00e1dio Oxig\u00e9nio.","publisher":{"@id":"https:\/\/pressaosonora.maisbaixo.com\/#organization"},"potentialAction":[{"@type":"SearchAction","target":{"@type":"EntryPoint","urlTemplate":"https:\/\/pressaosonora.maisbaixo.com\/?s={search_term_string}"},"query-input":"required name=search_term_string"}],"inLanguage":"en-GB"},{"@type":"Organization","@id":"https:\/\/pressaosonora.maisbaixo.com\/#organization","name":"Mais Baixo","url":"https:\/\/pressaosonora.maisbaixo.com\/","logo":{"@type":"ImageObject","inLanguage":"en-GB","@id":"https:\/\/pressaosonora.maisbaixo.com\/#\/schema\/logo\/image\/","url":"https:\/\/pressaosonora.maisbaixo.com\/wp-content\/uploads\/2021\/01\/cropped-LOGO_CENTRADO_FINAL-150x150-1.gif","contentUrl":"https:\/\/pressaosonora.maisbaixo.com\/wp-content\/uploads\/2021\/01\/cropped-LOGO_CENTRADO_FINAL-150x150-1.gif","width":150,"height":150,"caption":"Mais Baixo"},"image":{"@id":"https:\/\/pressaosonora.maisbaixo.com\/#\/schema\/logo\/image\/"},"sameAs":["https:\/\/www.instagram.com\/maisbaixo\/","https:\/\/www.youtube.com\/user\/maisbaixopt","https:\/\/facebook.com\/maisbaixo","https:\/\/twitter.com\/maisbaixopt"]}]}},"_links":{"self":[{"href":"https:\/\/pressaosonora.maisbaixo.com\/en\/wp-json\/wp\/v2\/podcast\/2809"}],"collection":[{"href":"https:\/\/pressaosonora.maisbaixo.com\/en\/wp-json\/wp\/v2\/podcast"}],"about":[{"href":"https:\/\/pressaosonora.maisbaixo.com\/en\/wp-json\/wp\/v2\/types\/podcast"}],"author":[{"embeddable":true,"href":"https:\/\/pressaosonora.maisbaixo.com\/en\/wp-json\/wp\/v2\/users\/1"}],"replies":[{"embeddable":true,"href":"https:\/\/pressaosonora.maisbaixo.com\/en\/wp-json\/wp\/v2\/comments?post=2809"}],"wp:featuredmedia":[{"embeddable":true,"href":"https:\/\/pressaosonora.maisbaixo.com\/en\/wp-json\/wp\/v2\/media\/2811"}],"wp:attachment":[{"href":"https:\/\/pressaosonora.maisbaixo.com\/en\/wp-json\/wp\/v2\/media?parent=2809"}],"wp:term":[{"taxonomy":"post_tag","embeddable":true,"href":"https:\/\/pressaosonora.maisbaixo.com\/en\/wp-json\/wp\/v2\/tags?post=2809"},{"taxonomy":"series","embeddable":true,"href":"https:\/\/pressaosonora.maisbaixo.com\/en\/wp-json\/wp\/v2\/series?post=2809"}],"curies":[{"name":"wp","href":"https:\/\/api.w.org\/{rel}","templated":true}]}}